{"id":4226,"date":"2022-05-26T17:12:02","date_gmt":"2022-05-26T14:12:02","guid":{"rendered":"https:\/\/helmitrans.com\/?post_type=product&#038;p=4226"},"modified":"2024-02-01T02:40:08","modified_gmt":"2024-02-01T00:40:08","slug":"meno-paluu-keravalle","status":"publish","type":"product","link":"https:\/\/helmitrans.com\/de\/tuote\/meno-paluu-keravalle\/","title":{"rendered":"Meno-paluu Keravalle"},"content":{"rendered":"<blockquote><p><em>Kirjoittanut Matti Borg<\/em><\/p><\/blockquote>\n<p>&nbsp;<\/p>\n<p>&nbsp;<\/p>\n","protected":false},"excerpt":{"rendered":"<p><strong>Antin el\u00e4m\u00e4 ja asenne maailmaa kohtaan ovat lipsahtaneet pahasti negatiivisen puolelle. Ei perhett\u00e4, ei ty\u00f6t\u00e4 eik\u00e4 oikein muutakaan el\u00e4m\u00e4n sis\u00e4lt\u00f6\u00e4. Sein\u00e4\u00e4 koristaa huoneentaulu: \u201dKukaan ei ole hy\u00f6dyt\u00f6n. Aina voi toimia edes huonona esimerkkin\u00e4.\u201d<\/strong><\/p>\n<p>Muutosta on kuitenkin ilmassa. Antti l\u00f6yt\u00e4\u00e4 t\u00f6it\u00e4, ja sen my\u00f6t\u00e4 tarjoutuu yll\u00e4tt\u00e4v\u00e4 mahdollisuus Keravan matkaan. Se on iso juttu miehelle, joka ei yleens\u00e4 juuri Tampereen rajoja ylit\u00e4. Eik\u00e4 siin\u00e4 viel\u00e4 kaikki. Yht\u00e4kki\u00e4 Antin el\u00e4m\u00e4n sekoittaa nainen, joka ei ole niin uusi tuttavuus kuin aluksi vaikuttaa. Ulkoisesti mik\u00e4\u00e4n ei muutu, mutta miehen sis\u00e4inen maailma on mullistunut.<\/p>\n<p>Pys\u00e4htyneisyyden aika on ohi, ja v\u00e4lill\u00e4 el\u00e4m\u00e4 suorastaan heng\u00e4stytt\u00e4\u00e4. Antti on l\u00f6yt\u00e4nyt aarteen, jota ei voi kuitenkaan saada eik\u00e4 edes havitella omakseen. Mutta jospa sittenkin?<\/p>\n<p>Rakastumisen ja pakkomielteen h\u00e4ilyv\u00e4 raja saattaa v\u00e4lill\u00e4 hiuksenhienosti ylitty\u00e4 Antin ripustautuessa unelmaansa.<\/p>\n<p>Tilanteesta ei n\u00e4yt\u00e4 olevan ulosp\u00e4\u00e4sytiet\u00e4, vai onko sittenkin \u2013 ja millainen tie se on?<\/p>\n<p>Tampereen ja Keravan v\u00e4li\u00e4 kuljetaan ajatuksen voimalla jatkuvasti ja lopulta my\u00f6s fyysisesti. Matkan varrella sattuu ja tapahtuu yht\u00e4 ja toista, mutta ainakaan Antin huumori ei ehdy tiukimmissakaan k\u00e4\u00e4nteiss\u00e4.<\/p>\n","protected":false},"featured_media":4228,"comment_status":"open","ping_status":"closed","template":"","meta":[],"product_brand":[],"product_cat":[54],"product_tag":[59,61,62,63,56,57,58,55,60],"class_list":{"0":"post-4226","1":"product","2":"type-product","3":"status-publish","4":"has-post-thumbnail","6":"product_cat-yleinen","7":"product_tag-antti","8":"product_tag-huumori","9":"product_tag-juna","10":"product_tag-junamatka","11":"product_tag-keravalle","12":"product_tag-kirja","13":"product_tag-kirjat","14":"product_tag-meno-paluu","15":"product_tag-tampere","17":"first","18":"instock","19":"purchasable","20":"product-type-simple"},"_links":{"self":[{"href":"https:\/\/helmitrans.com\/de\/wp-json\/wp\/v2\/product\/4226","targetHints":{"allow":["GET"]}}],"collection":[{"href":"https:\/\/helmitrans.com\/de\/wp-json\/wp\/v2\/product"}],"about":[{"href":"https:\/\/helmitrans.com\/de\/wp-json\/wp\/v2\/types\/product"}],"replies":[{"embeddable":true,"href":"https:\/\/helmitrans.com\/de\/wp-json\/wp\/v2\/comments?post=4226"}],"wp:featuredmedia":[{"embeddable":true,"href":"https:\/\/helmitrans.com\/de\/wp-json\/wp\/v2\/media\/4228"}],"wp:attachment":[{"href":"https:\/\/helmitrans.com\/de\/wp-json\/wp\/v2\/media?parent=4226"}],"wp:term":[{"taxonomy":"product_brand","embeddable":true,"href":"https:\/\/helmitrans.com\/de\/wp-json\/wp\/v2\/product_brand?post=4226"},{"taxonomy":"product_cat","embeddable":true,"href":"https:\/\/helmitrans.com\/de\/wp-json\/wp\/v2\/product_cat?post=4226"},{"taxonomy":"product_tag","embeddable":true,"href":"https:\/\/helmitrans.com\/de\/wp-json\/wp\/v2\/product_tag?post=4226"}],"curies":[{"name":"wp","href":"https:\/\/api.w.org\/{rel}","templated":true}]}}